{"id":14226,"date":"2024-01-30T12:42:20","date_gmt":"2024-01-30T11:42:20","guid":{"rendered":"https:\/\/www.vellsam.com\/chaine-ethique\/"},"modified":"2024-06-06T15:26:11","modified_gmt":"2024-06-06T14:26:11","slug":"chaine-ethique","status":"publish","type":"page","link":"https:\/\/www.vellsam.com\/fr\/chaine-ethique\/","title":{"rendered":"Cha\u00eene \u00e9thique"},"content":{"rendered":"\n<p>Bienvenue sur le canal de d\u00e9nonciation interne de VELLSAM MATERIAS BIOACTIVAS S.L.<\/p>\n\n<p>Les relations de VELLSAM MATERIAS BIOACTIVAS S.L. avec ses clients, fournisseurs, employ\u00e9s et autres parties prenantes ne sont pas seulement bas\u00e9es sur le respect de nos obligations l\u00e9gales, mais vont bien au-del\u00e0, r\u00e9pondant \u00e0 un engagement ferme contenu dans notre Code d&rsquo;\u00e9thique et bas\u00e9 sur les principes d&rsquo;int\u00e9grit\u00e9, de responsabilit\u00e9 sociale et de rejet absolu de la corruption sous toutes ses formes.<br\/>Pour les raisons susmentionn\u00e9es et afin de pr\u00e9venir les comportements contraires \u00e0 l&rsquo;\u00e9thique et les risques criminels au sein de notre entreprise, VELLSAM MATERIAS BIOACTIVAS S.L met \u00e0 la disposition des personnes qui ont, ou ont eu, une relation de travail, professionnelle ou d&rsquo;int\u00e9r\u00eat avec notre entreprise, ce canal d&rsquo;alerte interne comme moyen s\u00fbr et confidentiel par lequel elles peuvent signaler d&rsquo;\u00e9ventuelles conduites irr\u00e9guli\u00e8res ou violations des normes \u00e9thiques internes de VELLSAM MATERIAS BIOACTIVAS S.L, ainsi que les r\u00e9glementations nationales ou de l&rsquo;Union europ\u00e9enne affectant VELLSAM MATERIAS BIOACTIVAS S.L. en tant qu&rsquo;entreprise, ses professionnels ou ses activit\u00e9s.<\/p>\n\n<ul class=\"wp-block-list\">\n<li>Qu&rsquo;est-ce qui peut \u00eatre rapport\u00e9 ou signal\u00e9 par le biais de la proc\u00e9dure de d\u00e9nonciation ?<br\/>Conform\u00e9ment \u00e0 la port\u00e9e objective de la directive 2019\/1937 de l&rsquo;UE sur la protection des lanceurs d&rsquo;alerte et \u00e0 celle d\u00e9termin\u00e9e par les lois nationales respectives qui la mettent en \u0153uvre, les violations qui peuvent \u00eatre signal\u00e9es comprennent celles qui sont li\u00e9es aux questions suivantes :<br\/>&#8211; la corruption sous toutes ses formes,<br\/>&#8211; les march\u00e9s publics,<br\/>&#8211; des services, des produits et des march\u00e9s financiers,<br\/>&#8211; la pr\u00e9vention du blanchiment de capitaux et du financement du terrorisme,<br\/>&#8211; la s\u00e9curit\u00e9 et la conformit\u00e9 des produits,<br\/>&#8211; la s\u00e9curit\u00e9 des transports,<br\/>&#8211; la protection de l&rsquo;environnement,<br\/>&#8211; la radioprotection et la s\u00fbret\u00e9 nucl\u00e9aire,<br\/>&#8211; la s\u00e9curit\u00e9 des denr\u00e9es alimentaires et des aliments pour animaux, la sant\u00e9 et le bien-\u00eatre des animaux,<br\/>&#8211; la sant\u00e9 publique,<br\/>&#8211; la protection des consommateurs,<br\/>&#8211; la protection de la vie priv\u00e9e et des donn\u00e9es personnelles,<br\/>&#8211; la s\u00e9curit\u00e9 des r\u00e9seaux et des syst\u00e8mes d&rsquo;information,<br\/>&#8211; les infractions portant atteinte aux int\u00e9r\u00eats financiers de l&rsquo;Union et<br\/>&#8211; les infractions relatives au march\u00e9 int\u00e9rieur.<\/li>\n<\/ul>\n\n<p>De m\u00eame, les actions ou omissions susceptibles de constituer une infraction p\u00e9nale ou administrative grave ou tr\u00e8s grave peuvent \u00e9galement \u00eatre signal\u00e9es, y compris celles qui impliquent une perte financi\u00e8re pour le Tr\u00e9sor public et la s\u00e9curit\u00e9 sociale, ainsi que les actions ou omissions susceptibles d&rsquo;impliquer une violation du code d&rsquo;\u00e9thique de VELLSAM MATERIAS BIOACTIVAS S.L., de notre politique de conformit\u00e9 p\u00e9nale et du syst\u00e8me de gestion de la conformit\u00e9 p\u00e9nale.<\/p>\n\n<p>AVIS IMPORTANT : Ce canal n&rsquo;est pas un canal d&rsquo;urgence et n&rsquo;est pas con\u00e7u comme un centre d&rsquo;appel. Veuillez donc vous abstenir de l&rsquo;utiliser pour signaler des \u00e9v\u00e9nements ou des circonstances qui pr\u00e9sentent un danger pour la vie et la sant\u00e9 des personnes ou des dommages aux biens.<br\/>De m\u00eame, nous vous demandons de ne pas nous communiquer d&rsquo;informations si, ce faisant, vous commettez une infraction p\u00e9nale au regard des lois de votre pays.<\/p>\n\n<ul class=\"wp-block-list\">\n<li>Comment fonctionne ce canal de d\u00e9nonciation interne ? Ce canal de communication \u00e9lectronique est absolument confidentiel, \u00e0 la fois<br\/>Il s&rsquo;agit d&rsquo;un moyen de signalement efficace et s\u00fbr qui garantit la protection des d\u00e9nonciateurs contre d&rsquo;\u00e9ventuelles repr\u00e9sailles.<br\/>Par ce biais, l&rsquo;informateur peut d\u00e9poser une plainte nominative, en indiquant les donn\u00e9es personnelles n\u00e9cessaires pour vous contacter, ou une plainte anonyme.<br\/>De m\u00eame, et \u00e0 la demande de l&rsquo;informateur, une plainte peut \u00e9galement \u00eatre d\u00e9pos\u00e9e par le biais d&rsquo;un entretien avec le responsable du syst\u00e8me d&rsquo;observation de VELLSAM MATERIAS BIOACTIVAS S.L. Cette demande doit \u00eatre faite \u00e0 l&rsquo;adresse \u00e9lectronique canaldedenuncias@vellsam.com et l&rsquo;entretien doit avoir lieu, sauf impossibilit\u00e9, dans un d\u00e9lai maximum de sept jours \u00e0 compter de la date de la demande.<br\/>Le responsable du canal est le responsable du syst\u00e8me de conformit\u00e9 de VELLSAM MATERIAS BIOACTIVAS SL, qui proc\u00e9dera aux enqu\u00eates internes, avec un soutien externe sp\u00e9cialis\u00e9, si n\u00e9cessaire, et en garantissant, \u00e0 tout moment, la confidentialit\u00e9 des communications.<br\/>Vous trouverez de plus amples informations en consultant notre politique de d\u00e9nonciation et la proc\u00e9dure de d\u00e9nonciation disponibles sur notre site web.<\/li>\n\n\n\n<li>Informations sur les canaux externes.<br\/>Dans tous les cas, les d\u00e9nonciateurs peuvent \u00e9galement adresser leurs communications \u00e0 l&rsquo;Autorit\u00e9 ind\u00e9pendante de protection des d\u00e9nonciateurs ou \u00e0 toute autre institution ou organe comp\u00e9tent.<\/li>\n\n\n\n<li>Protection des donn\u00e9es de l&rsquo;informateur<br\/>Conform\u00e9ment \u00e0 la directive 2019\/1937 et \u00e0 la loi organique 3\/2018 sur les droits num\u00e9riques, la l\u00e9galit\u00e9 du traitement des donn\u00e9es obtenues par le biais du canal de r\u00e9clamation d\u00e9coule du respect des dispositions de la loi 2\/2023 sur la protection des informateurs et, en tout \u00e9tat de cause, du fait qu&rsquo;il est dans l&rsquo;int\u00e9r\u00eat public.<br\/>En tant que plaignant, vous \u00eates inform\u00e9 que le responsable du traitement est VELLSAM MATERIAS BIOACTIVAS , dont l&rsquo;adresse est Ctra. National 340 km 477 , Tabernas (Almer\u00eda). Le d\u00e9l\u00e9gu\u00e9 \u00e0 la protection des donn\u00e9es se trouve \u00e0 la m\u00eame adresse que le responsable du traitement et \u00e0 l&rsquo;adresse \u00e9lectronique rfernandez@vellsam.com, o\u00f9 vous pouvez exercer vos droits d&rsquo;acc\u00e8s, de rectification, de suppression, d&rsquo;opposition et de limitation du traitement.<br\/>Si vous ne recevez pas de r\u00e9ponse, vous pouvez vous adresser \u00e0 l&rsquo;Agence espagnole de protection des donn\u00e9es<a href=\"https:\/\/www.aepd.es\/es\" target=\"_blank\" rel=\"noreferrer noopener\">(https:\/\/www.aepd.es\/es<\/a>). La p\u00e9riode de conservation sera de trois mois dans le canal et d&rsquo;un maximum de dix ans dans le registre des plaintes re\u00e7ues, o\u00f9 les donn\u00e9es personnelles seront anonymis\u00e9es. Les destinataires des donn\u00e9es fournies peuvent \u00eatre les autorit\u00e9s judiciaires en cas de signalement de risques criminels qui le rendent n\u00e9cessaire, et les tiers qui doivent adopter l&rsquo;imposition de sanctions le cas \u00e9ch\u00e9ant.  <br\/>L&rsquo;acc\u00e8s aux donn\u00e9es contenues dans ces proc\u00e9dures est limit\u00e9 exclusivement au responsable du syst\u00e8me de conformit\u00e9 de VELLSAM MATERIAS BIOACTIVAS S.L. (Compliance Officer), aux d\u00e9partements et organes de la soci\u00e9t\u00e9 qui, en raison de l&rsquo;objet et du r\u00e9sultat de l&rsquo;enqu\u00eate, sont tenus d&rsquo;intervenir dans l&rsquo;enqu\u00eate ou dans la r\u00e9solution de la proc\u00e9dure d&rsquo;enqu\u00eate, lorsque l&rsquo;ach\u00e8vement de celle-ci donne lieu \u00e0 une sanction.<br\/>Les plaintes rest\u00e9es sans suite ne peuvent \u00eatre enregistr\u00e9es que sous forme anonyme.  <\/li>\n<\/ul>\n\n<p>D\u00c9POSER VOTRE PLAINTE EN CLIQUANT SUR LE LIEN SUIVANT :<br\/><a href=\"https:\/\/vellsam.factorialhr.com\/complaints\"><\/a><a href=\"https:\/\/vellsam.factorialhr.com\/complaints\" target=\"_blank\" rel=\"noreferrer noopener\">https:\/\/vellsam.factorialhr.com\/complaints<\/a><\/p>\n","protected":false},"excerpt":{"rendered":"<p>Bienvenue sur le canal de d\u00e9nonciation interne de VELLSAM MATERIAS BIOACTIVAS S.L. Les relations de VELLSAM MATERIAS BIOACTIVAS S.L. avec ses clients, fournisseurs, employ\u00e9s et autres parties prenantes ne sont pas seulement bas\u00e9es sur le respect de nos obligations l\u00e9gales, mais vont bien au-del\u00e0, r\u00e9pondant \u00e0 un engagement ferme contenu dans notre Code d&rsquo;\u00e9thique et [&hellip;]<\/p>\n","protected":false},"author":3,"featured_media":0,"parent":0,"menu_order":0,"comment_status":"closed","ping_status":"closed","template":"","meta":{"_acf_changed":false,"om_disable_all_campaigns":false,"_monsterinsights_skip_tracking":false,"_monsterinsights_sitenote_active":false,"_monsterinsights_sitenote_note":"","_monsterinsights_sitenote_category":0,"_uf_show_specific_survey":0,"_uf_disable_surveys":false,"footnotes":""},"class_list":["post-14226","page","type-page","status-publish","hentry"],"acf":[],"yoast_head":"<!-- This site is optimized with the Yoast SEO plugin v27.5 - https:\/\/yoast.com\/product\/yoast-seo-wordpress\/ -->\n<title>Cha\u00eene \u00e9thique - Vellsam<\/title>\n<meta name=\"robots\" content=\"index, follow, max-snippet:-1, max-image-preview:large, max-video-preview:-1\" \/>\n<link rel=\"canonical\" href=\"https:\/\/www.vellsam.com\/fr\/chaine-ethique\/\" \/>\n<meta property=\"og:locale\" content=\"fr_FR\" \/>\n<meta property=\"og:type\" content=\"article\" \/>\n<meta property=\"og:title\" content=\"Cha\u00eene \u00e9thique - Vellsam\" \/>\n<meta property=\"og:description\" content=\"Bienvenue sur le canal de d\u00e9nonciation interne de VELLSAM MATERIAS BIOACTIVAS S.L. Les relations de VELLSAM MATERIAS BIOACTIVAS S.L. avec ses clients, fournisseurs, employ\u00e9s et autres parties prenantes ne sont pas seulement bas\u00e9es sur le respect de nos obligations l\u00e9gales, mais vont bien au-del\u00e0, r\u00e9pondant \u00e0 un engagement ferme contenu dans notre Code d&rsquo;\u00e9thique et [&hellip;]\" \/>\n<meta property=\"og:url\" content=\"https:\/\/www.vellsam.com\/fr\/chaine-ethique\/\" \/>\n<meta property=\"og:site_name\" content=\"Vellsam\" \/>\n<meta property=\"article:publisher\" content=\"https:\/\/www.facebook.com\/vellsam.mb\" \/>\n<meta property=\"article:modified_time\" content=\"2024-06-06T14:26:11+00:00\" \/>\n<meta name=\"twitter:card\" content=\"summary_large_image\" \/>\n<meta name=\"twitter:site\" content=\"@Vellsam_MB\" \/>\n<meta name=\"twitter:label1\" content=\"Dur\u00e9e de lecture estim\u00e9e\" \/>\n\t<meta name=\"twitter:data1\" content=\"6 minutes\" \/>\n<script type=\"application\/ld+json\" class=\"yoast-schema-graph\">{\"@context\":\"https:\\\/\\\/schema.org\",\"@graph\":[{\"@type\":\"WebPage\",\"@id\":\"https:\\\/\\\/www.vellsam.com\\\/fr\\\/chaine-ethique\\\/\",\"url\":\"https:\\\/\\\/www.vellsam.com\\\/fr\\\/chaine-ethique\\\/\",\"name\":\"Cha\u00eene \u00e9thique - Vellsam\",\"isPartOf\":{\"@id\":\"https:\\\/\\\/www.vellsam.com\\\/#website\"},\"datePublished\":\"2024-01-30T11:42:20+00:00\",\"dateModified\":\"2024-06-06T14:26:11+00:00\",\"breadcrumb\":{\"@id\":\"https:\\\/\\\/www.vellsam.com\\\/fr\\\/chaine-ethique\\\/#breadcrumb\"},\"inLanguage\":\"fr-FR\",\"potentialAction\":[{\"@type\":\"ReadAction\",\"target\":[\"https:\\\/\\\/www.vellsam.com\\\/fr\\\/chaine-ethique\\\/\"]}]},{\"@type\":\"BreadcrumbList\",\"@id\":\"https:\\\/\\\/www.vellsam.com\\\/fr\\\/chaine-ethique\\\/#breadcrumb\",\"itemListElement\":[{\"@type\":\"ListItem\",\"position\":1,\"name\":\"Portada\",\"item\":\"https:\\\/\\\/www.vellsam.com\\\/fr\\\/\"},{\"@type\":\"ListItem\",\"position\":2,\"name\":\"Cha\u00eene \u00e9thique\"}]},{\"@type\":\"WebSite\",\"@id\":\"https:\\\/\\\/www.vellsam.com\\\/#website\",\"url\":\"https:\\\/\\\/www.vellsam.com\\\/\",\"name\":\"Vellsam\",\"description\":\"Soluciones biotecnol\u00f3gicas para el desarrollo agr\u00edcola\",\"publisher\":{\"@id\":\"https:\\\/\\\/www.vellsam.com\\\/#organization\"},\"potentialAction\":[{\"@type\":\"SearchAction\",\"target\":{\"@type\":\"EntryPoint\",\"urlTemplate\":\"https:\\\/\\\/www.vellsam.com\\\/?s={search_term_string}\"},\"query-input\":{\"@type\":\"PropertyValueSpecification\",\"valueRequired\":true,\"valueName\":\"search_term_string\"}}],\"inLanguage\":\"fr-FR\"},{\"@type\":\"Organization\",\"@id\":\"https:\\\/\\\/www.vellsam.com\\\/#organization\",\"name\":\"Vellsam\",\"url\":\"https:\\\/\\\/www.vellsam.com\\\/\",\"logo\":{\"@type\":\"ImageObject\",\"inLanguage\":\"fr-FR\",\"@id\":\"https:\\\/\\\/www.vellsam.com\\\/#\\\/schema\\\/logo\\\/image\\\/\",\"url\":\"https:\\\/\\\/www.vellsam.com\\\/wp-content\\\/uploads\\\/2023\\\/01\\\/vellsam-logo.png\",\"contentUrl\":\"https:\\\/\\\/www.vellsam.com\\\/wp-content\\\/uploads\\\/2023\\\/01\\\/vellsam-logo.png\",\"width\":340,\"height\":59,\"caption\":\"Vellsam\"},\"image\":{\"@id\":\"https:\\\/\\\/www.vellsam.com\\\/#\\\/schema\\\/logo\\\/image\\\/\"},\"sameAs\":[\"https:\\\/\\\/www.facebook.com\\\/vellsam.mb\",\"https:\\\/\\\/x.com\\\/Vellsam_MB\",\"https:\\\/\\\/www.linkedin.com\\\/company\\\/11061739\\\/\"]}]}<\/script>\n<!-- \/ Yoast SEO plugin. -->","yoast_head_json":{"title":"Cha\u00eene \u00e9thique - Vellsam","robots":{"index":"index","follow":"follow","max-snippet":"max-snippet:-1","max-image-preview":"max-image-preview:large","max-video-preview":"max-video-preview:-1"},"canonical":"https:\/\/www.vellsam.com\/fr\/chaine-ethique\/","og_locale":"fr_FR","og_type":"article","og_title":"Cha\u00eene \u00e9thique - Vellsam","og_description":"Bienvenue sur le canal de d\u00e9nonciation interne de VELLSAM MATERIAS BIOACTIVAS S.L. Les relations de VELLSAM MATERIAS BIOACTIVAS S.L. avec ses clients, fournisseurs, employ\u00e9s et autres parties prenantes ne sont pas seulement bas\u00e9es sur le respect de nos obligations l\u00e9gales, mais vont bien au-del\u00e0, r\u00e9pondant \u00e0 un engagement ferme contenu dans notre Code d&rsquo;\u00e9thique et [&hellip;]","og_url":"https:\/\/www.vellsam.com\/fr\/chaine-ethique\/","og_site_name":"Vellsam","article_publisher":"https:\/\/www.facebook.com\/vellsam.mb","article_modified_time":"2024-06-06T14:26:11+00:00","twitter_card":"summary_large_image","twitter_site":"@Vellsam_MB","twitter_misc":{"Dur\u00e9e de lecture estim\u00e9e":"6 minutes"},"schema":{"@context":"https:\/\/schema.org","@graph":[{"@type":"WebPage","@id":"https:\/\/www.vellsam.com\/fr\/chaine-ethique\/","url":"https:\/\/www.vellsam.com\/fr\/chaine-ethique\/","name":"Cha\u00eene \u00e9thique - Vellsam","isPartOf":{"@id":"https:\/\/www.vellsam.com\/#website"},"datePublished":"2024-01-30T11:42:20+00:00","dateModified":"2024-06-06T14:26:11+00:00","breadcrumb":{"@id":"https:\/\/www.vellsam.com\/fr\/chaine-ethique\/#breadcrumb"},"inLanguage":"fr-FR","potentialAction":[{"@type":"ReadAction","target":["https:\/\/www.vellsam.com\/fr\/chaine-ethique\/"]}]},{"@type":"BreadcrumbList","@id":"https:\/\/www.vellsam.com\/fr\/chaine-ethique\/#breadcrumb","itemListElement":[{"@type":"ListItem","position":1,"name":"Portada","item":"https:\/\/www.vellsam.com\/fr\/"},{"@type":"ListItem","position":2,"name":"Cha\u00eene \u00e9thique"}]},{"@type":"WebSite","@id":"https:\/\/www.vellsam.com\/#website","url":"https:\/\/www.vellsam.com\/","name":"Vellsam","description":"Soluciones biotecnol\u00f3gicas para el desarrollo agr\u00edcola","publisher":{"@id":"https:\/\/www.vellsam.com\/#organization"},"potentialAction":[{"@type":"SearchAction","target":{"@type":"EntryPoint","urlTemplate":"https:\/\/www.vellsam.com\/?s={search_term_string}"},"query-input":{"@type":"PropertyValueSpecification","valueRequired":true,"valueName":"search_term_string"}}],"inLanguage":"fr-FR"},{"@type":"Organization","@id":"https:\/\/www.vellsam.com\/#organization","name":"Vellsam","url":"https:\/\/www.vellsam.com\/","logo":{"@type":"ImageObject","inLanguage":"fr-FR","@id":"https:\/\/www.vellsam.com\/#\/schema\/logo\/image\/","url":"https:\/\/www.vellsam.com\/wp-content\/uploads\/2023\/01\/vellsam-logo.png","contentUrl":"https:\/\/www.vellsam.com\/wp-content\/uploads\/2023\/01\/vellsam-logo.png","width":340,"height":59,"caption":"Vellsam"},"image":{"@id":"https:\/\/www.vellsam.com\/#\/schema\/logo\/image\/"},"sameAs":["https:\/\/www.facebook.com\/vellsam.mb","https:\/\/x.com\/Vellsam_MB","https:\/\/www.linkedin.com\/company\/11061739\/"]}]}},"_links":{"self":[{"href":"https:\/\/www.vellsam.com\/fr\/wp-json\/wp\/v2\/pages\/14226","targetHints":{"allow":["GET"]}}],"collection":[{"href":"https:\/\/www.vellsam.com\/fr\/wp-json\/wp\/v2\/pages"}],"about":[{"href":"https:\/\/www.vellsam.com\/fr\/wp-json\/wp\/v2\/types\/page"}],"author":[{"embeddable":true,"href":"https:\/\/www.vellsam.com\/fr\/wp-json\/wp\/v2\/users\/3"}],"replies":[{"embeddable":true,"href":"https:\/\/www.vellsam.com\/fr\/wp-json\/wp\/v2\/comments?post=14226"}],"version-history":[{"count":5,"href":"https:\/\/www.vellsam.com\/fr\/wp-json\/wp\/v2\/pages\/14226\/revisions"}],"predecessor-version":[{"id":16002,"href":"https:\/\/www.vellsam.com\/fr\/wp-json\/wp\/v2\/pages\/14226\/revisions\/16002"}],"wp:attachment":[{"href":"https:\/\/www.vellsam.com\/fr\/wp-json\/wp\/v2\/media?parent=14226"}],"curies":[{"name":"wp","href":"https:\/\/api.w.org\/{rel}","templated":true}]}}